{"id":2458,"date":"2020-08-12T12:25:47","date_gmt":"2020-08-12T12:25:47","guid":{"rendered":"https:\/\/portugalheritagetours.com\/?page_id=2458"},"modified":"2023-02-27T11:31:16","modified_gmt":"2023-02-27T11:31:16","slug":"thematic-trip-upper-alentejo-6-days","status":"publish","type":"page","link":"https:\/\/portugalheritagetours.com\/en\/thematic-trip-upper-alentejo-6-days\/","title":{"rendered":"Thematic Tour Alentejo Table"},"content":{"rendered":"\t\t<div data-elementor-type=\"wp-post\" data-elementor-id=\"2458\" class=\"elementor elementor-2458 elementor-1626\">\n\t\t\t\t\t\t<div class=\"elementor-inner\">\n\t\t\t\t<div class=\"elementor-section-wrap\">\n\t\t\t\t\t\t\t\t\t<section class=\"elementor-section elementor-top-section elementor-element elementor-element-882f511 elementor-section-content-middle elementor-section-boxed elementor-section-height-default elementor-section-height-default\" data-id=\"882f511\" data-element_type=\"section\" data-settings=\"{&quot;background_background&quot;:&quot;classic&quot;}\">\n\t\t\t\t\t\t\t<div class=\"elementor-background-overlay\"><\/div>\n\t\t\t\t\t\t\t<div class=\"elementor-container elementor-column-gap-default\">\n\t\t\t\t\t\t\t<div class=\"elementor-row\">\n\t\t\t\t\t<div class=\"elementor-column elementor-col-100 elementor-top-column elementor-element elementor-element-1b6f5ef\" data-id=\"1b6f5ef\" data-element_type=\"column\">\n\t\t\t<div class=\"elementor-column-wrap elementor-element-populated\">\n\t\t\t\t\t\t\t<div class=\"elementor-widget-wrap\">\n\t\t\t\t\t\t<div class=\"elementor-element elementor-element-a42e522 elementor-view-default elementor-widget elementor-widget-icon\" data-id=\"a42e522\" data-element_type=\"widget\" data-widget_type=\"icon.default\">\n\t\t\t\t<div class=\"elementor-widget-container\">\n\t\t\t\t\t<div class=\"elementor-icon-wrapper\">\n\t\t\t<div class=\"elementor-icon\">\n\t\t\t<i aria-hidden=\"true\" class=\"fas fa-utensils\"><\/i>\t\t\t<\/div>\n\t\t<\/div>\n\t\t\t\t<\/div>\n\t\t\t\t<\/div>\n\t\t\t\t<div class=\"elementor-element elementor-element-ff551b3 elementor-widget elementor-widget-heading\" data-id=\"ff551b3\" data-element_type=\"widget\" data-widget_type=\"heading.default\">\n\t\t\t\t<div class=\"elementor-widget-container\">\n\t\t\t<h6 class=\"elementor-heading-title elementor-size-default\">THEMATIC TOUR | UPPER ALENTEJO | 6 DAYS<\/h6>\t\t<\/div>\n\t\t\t\t<\/div>\n\t\t\t\t<div class=\"elementor-element elementor-element-4071aae elementor-widget elementor-widget-heading\" data-id=\"4071aae\" data-element_type=\"widget\" data-widget_type=\"heading.default\">\n\t\t\t\t<div class=\"elementor-widget-container\">\n\t\t\t<h1 class=\"elementor-heading-title elementor-size-default\">Alentejo Table<\/h1>\t\t<\/div>\n\t\t\t\t<\/div>\n\t\t\t\t<div class=\"elementor-element elementor-element-169a390 elementor-widget elementor-widget-heading\" data-id=\"169a390\" data-element_type=\"widget\" data-widget_type=\"heading.default\">\n\t\t\t\t<div class=\"elementor-widget-container\">\n\t\t\t<h6 class=\"elementor-heading-title elementor-size-default\">2023 | 24 to 29th April | 18 to 23th September<\/h6>\t\t<\/div>\n\t\t\t\t<\/div>\n\t\t\t\t\t\t<\/div>\n\t\t\t\t\t<\/div>\n\t\t<\/div>\n\t\t\t\t\t\t\t\t<\/div>\n\t\t\t\t\t<\/div>\n\t\t<\/section>\n\t\t\t\t<section class=\"elementor-section elementor-top-section elementor-element elementor-element-9d7cb9f elementor-section-boxed elementor-section-height-default elementor-section-height-default\" data-id=\"9d7cb9f\" data-element_type=\"section\">\n\t\t\t\t\t\t<div class=\"elementor-container elementor-column-gap-default\">\n\t\t\t\t\t\t\t<div class=\"elementor-row\">\n\t\t\t\t\t<div class=\"elementor-column elementor-col-100 elementor-top-column elementor-element elementor-element-68f8811\" data-id=\"68f8811\" data-element_type=\"column\">\n\t\t\t<div class=\"elementor-column-wrap elementor-element-populated\">\n\t\t\t\t\t\t\t<div class=\"elementor-widget-wrap\">\n\t\t\t\t\t\t<div class=\"elementor-element elementor-element-bfe9035 elementor-widget elementor-widget-spacer\" data-id=\"bfe9035\" data-element_type=\"widget\" data-widget_type=\"spacer.default\">\n\t\t\t\t<div class=\"elementor-widget-container\">\n\t\t\t\t\t<div class=\"elementor-spacer\">\n\t\t\t<div class=\"elementor-spacer-inner\"><\/div>\n\t\t<\/div>\n\t\t\t\t<\/div>\n\t\t\t\t<\/div>\n\t\t\t\t\t\t<\/div>\n\t\t\t\t\t<\/div>\n\t\t<\/div>\n\t\t\t\t\t\t\t\t<\/div>\n\t\t\t\t\t<\/div>\n\t\t<\/section>\n\t\t\t\t<section class=\"elementor-section elementor-top-section elementor-element elementor-element-33db604 elementor-section-boxed elementor-section-height-default elementor-section-height-default\" data-id=\"33db604\" data-element_type=\"section\">\n\t\t\t\t\t\t<div class=\"elementor-container elementor-column-gap-default\">\n\t\t\t\t\t\t\t<div class=\"elementor-row\">\n\t\t\t\t\t<div class=\"elementor-column elementor-col-50 elementor-top-column elementor-element elementor-element-0f9c195\" data-id=\"0f9c195\" data-element_type=\"column\">\n\t\t\t<div class=\"elementor-column-wrap elementor-element-populated\">\n\t\t\t\t\t\t\t<div class=\"elementor-widget-wrap\">\n\t\t\t\t\t\t<div class=\"elementor-element elementor-element-ac97bb0 elementor-widget elementor-widget-text-editor\" data-id=\"ac97bb0\" data-element_type=\"widget\" data-widget_type=\"text-editor.default\">\n\t\t\t\t<div class=\"elementor-widget-container\">\n\t\t\t\t\t\t\t\t<div class=\"elementor-text-editor elementor-clearfix\">\n\t\t\t\t<p>In this Gastronomic Program, we are invaded by the unique flavors and aromas of the Alentejo&#8230; We will walk among the products of the land, the cuisines, the stories and the people, to find the best dishes from other times that come together in perfect harmony with the wines of the region. \u2013 a unique moment for your senses and emotions in the immensity of the Alentejo plain.<\/p><p><span style=\"text-decoration: underline;\"><strong>Themes:<br \/><\/strong><\/span>Gastronomy, Hiking, Sculpture, Horses, Landscapes, Cuisine, Heritage, Falconry.<\/p><p><span style=\"text-decoration: underline;\"><strong>Days and Extension:<br \/><\/strong><\/span>6 days, for a total off approx. 370 km<\/p><p><span style=\"text-decoration: underline;\"><strong>Territories:<\/strong><\/span><br \/>Marv\u00e3o, Galegos, Castelo de Vide, Portalegre, Alter do Ch\u00e3o, Elvas, \u00c9vora.<\/p><p><span style=\"text-decoration: underline;\"><strong>Includes:<\/strong><\/span><br \/>Meals mentioned in the program, Accomodation, Heritage Interpreter accompaniment, Traditional Perfomances and transportation during the whole program.<\/p>\t\t\t\t\t<\/div>\n\t\t\t\t\t\t<\/div>\n\t\t\t\t<\/div>\n\t\t\t\t<div class=\"elementor-element elementor-element-a28d3bf elementor-widget elementor-widget-spacer\" data-id=\"a28d3bf\" data-element_type=\"widget\" data-widget_type=\"spacer.default\">\n\t\t\t\t<div class=\"elementor-widget-container\">\n\t\t\t\t\t<div class=\"elementor-spacer\">\n\t\t\t<div class=\"elementor-spacer-inner\"><\/div>\n\t\t<\/div>\n\t\t\t\t<\/div>\n\t\t\t\t<\/div>\n\t\t\t\t\t\t<\/div>\n\t\t\t\t\t<\/div>\n\t\t<\/div>\n\t\t\t\t<div class=\"elementor-column elementor-col-50 elementor-top-column elementor-element elementor-element-937096e\" data-id=\"937096e\" data-element_type=\"column\" data-settings=\"{&quot;background_background&quot;:&quot;classic&quot;}\">\n\t\t\t<div class=\"elementor-column-wrap elementor-element-populated\">\n\t\t\t\t\t\t\t<div class=\"elementor-widget-wrap\">\n\t\t\t\t\t\t<section class=\"elementor-section elementor-inner-section elementor-element elementor-element-711f65c elementor-section-content-middle elementor-section-boxed elementor-section-height-default elementor-section-height-default\" data-id=\"711f65c\" data-element_type=\"section\">\n\t\t\t\t\t\t<div class=\"elementor-container elementor-column-gap-default\">\n\t\t\t\t\t\t\t<div class=\"elementor-row\">\n\t\t\t\t\t<div class=\"elementor-column elementor-col-50 elementor-inner-column elementor-element elementor-element-943e0a9\" data-id=\"943e0a9\" data-element_type=\"column\">\n\t\t\t<div class=\"elementor-column-wrap elementor-element-populated\">\n\t\t\t\t\t\t\t<div class=\"elementor-widget-wrap\">\n\t\t\t\t\t\t<div class=\"elementor-element elementor-element-3b0f6e0 elementor-widget elementor-widget-text-editor\" data-id=\"3b0f6e0\" data-element_type=\"widget\" data-widget_type=\"text-editor.default\">\n\t\t\t\t<div class=\"elementor-widget-container\">\n\t\t\t\t\t\t\t\t<div class=\"elementor-text-editor elementor-clearfix\">\n\t\t\t\t<p>From \u20ac2,100.00<\/p>\t\t\t\t\t<\/div>\n\t\t\t\t\t\t<\/div>\n\t\t\t\t<\/div>\n\t\t\t\t\t\t<\/div>\n\t\t\t\t\t<\/div>\n\t\t<\/div>\n\t\t\t\t<div class=\"elementor-column elementor-col-50 elementor-inner-column elementor-element elementor-element-07821ac\" data-id=\"07821ac\" data-element_type=\"column\">\n\t\t\t<div class=\"elementor-column-wrap elementor-element-populated\">\n\t\t\t\t\t\t\t<div class=\"elementor-widget-wrap\">\n\t\t\t\t\t\t<div class=\"elementor-element elementor-element-6434c3e elementor-widget elementor-widget-text-editor\" data-id=\"6434c3e\" data-element_type=\"widget\" data-widget_type=\"text-editor.default\">\n\t\t\t\t<div class=\"elementor-widget-container\">\n\t\t\t\t\t\t\t\t<div class=\"elementor-text-editor elementor-clearfix\">\n\t\t\t\t<p>6 days<\/p>\t\t\t\t\t<\/div>\n\t\t\t\t\t\t<\/div>\n\t\t\t\t<\/div>\n\t\t\t\t\t\t<\/div>\n\t\t\t\t\t<\/div>\n\t\t<\/div>\n\t\t\t\t\t\t\t\t<\/div>\n\t\t\t\t\t<\/div>\n\t\t<\/section>\n\t\t\t\t<div class=\"elementor-element elementor-element-0d38a3d elementor-widget elementor-widget-spacer\" data-id=\"0d38a3d\" data-element_type=\"widget\" data-widget_type=\"spacer.default\">\n\t\t\t\t<div class=\"elementor-widget-container\">\n\t\t\t\t\t<div class=\"elementor-spacer\">\n\t\t\t<div class=\"elementor-spacer-inner\"><\/div>\n\t\t<\/div>\n\t\t\t\t<\/div>\n\t\t\t\t<\/div>\n\t\t\t\t<div class=\"elementor-element elementor-element-03597f4 elementor-widget elementor-widget-text-editor\" data-id=\"03597f4\" data-element_type=\"widget\" data-widget_type=\"text-editor.default\">\n\t\t\t\t<div class=\"elementor-widget-container\">\n\t\t\t\t\t\t\t\t<div class=\"elementor-text-editor elementor-clearfix\">\n\t\t\t\t<p>2023 Dates:<span style=\"text-decoration: underline;\"><br><\/span>24 to 29th April<br>18 to 23th September<span style=\"text-decoration: underline;\"><br><\/span><\/p>\t\t\t\t\t<\/div>\n\t\t\t\t\t\t<\/div>\n\t\t\t\t<\/div>\n\t\t\t\t<div class=\"elementor-element elementor-element-58067e0 elementor-widget elementor-widget-spacer\" data-id=\"58067e0\" data-element_type=\"widget\" data-widget_type=\"spacer.default\">\n\t\t\t\t<div class=\"elementor-widget-container\">\n\t\t\t\t\t<div class=\"elementor-spacer\">\n\t\t\t<div class=\"elementor-spacer-inner\"><\/div>\n\t\t<\/div>\n\t\t\t\t<\/div>\n\t\t\t\t<\/div>\n\t\t\t\t<div class=\"elementor-element elementor-element-019659e elementor-widget elementor-widget-text-editor\" data-id=\"019659e\" data-element_type=\"widget\" data-widget_type=\"text-editor.default\">\n\t\t\t\t<div class=\"elementor-widget-container\">\n\t\t\t\t\t\t\t\t<div class=\"elementor-text-editor elementor-clearfix\">\n\t\t\t\t<p>Reservations are subject to availability and options validation.<br \/>Click to request your reservation.<\/p>\t\t\t\t\t<\/div>\n\t\t\t\t\t\t<\/div>\n\t\t\t\t<\/div>\n\t\t\t\t<div class=\"elementor-element elementor-element-89bf674 elementor-widget elementor-widget-spacer\" data-id=\"89bf674\" data-element_type=\"widget\" data-widget_type=\"spacer.default\">\n\t\t\t\t<div class=\"elementor-widget-container\">\n\t\t\t\t\t<div class=\"elementor-spacer\">\n\t\t\t<div class=\"elementor-spacer-inner\"><\/div>\n\t\t<\/div>\n\t\t\t\t<\/div>\n\t\t\t\t<\/div>\n\t\t\t\t<div class=\"elementor-element elementor-element-83089fb elementor-align-center elementor-widget elementor-widget-button\" data-id=\"83089fb\" data-element_type=\"widget\" data-widget_type=\"button.default\">\n\t\t\t\t<div class=\"elementor-widget-container\">\n\t\t\t\t\t<div class=\"elementor-button-wrapper\">\n\t\t\t<a href=\"\/en\/reservation-form\/\" class=\"elementor-button-link elementor-button elementor-size-sm elementor-animation-grow\" role=\"button\">\n\t\t\t\t\t\t<span class=\"elementor-button-content-wrapper\">\n\t\t\t\t\t\t<span class=\"elementor-button-text\">BOOK now<\/span>\n\t\t<\/span>\n\t\t\t\t\t<\/a>\n\t\t<\/div>\n\t\t\t\t<\/div>\n\t\t\t\t<\/div>\n\t\t\t\t\t\t<\/div>\n\t\t\t\t\t<\/div>\n\t\t<\/div>\n\t\t\t\t\t\t\t\t<\/div>\n\t\t\t\t\t<\/div>\n\t\t<\/section>\n\t\t\t\t<section class=\"elementor-section elementor-top-section elementor-element elementor-element-cf62f6a elementor-section-boxed elementor-section-height-default elementor-section-height-default\" data-id=\"cf62f6a\" data-element_type=\"section\">\n\t\t\t\t\t\t<div class=\"elementor-container elementor-column-gap-default\">\n\t\t\t\t\t\t\t<div class=\"elementor-row\">\n\t\t\t\t\t<div class=\"elementor-column elementor-col-100 elementor-top-column elementor-element elementor-element-56ad9dc\" data-id=\"56ad9dc\" data-element_type=\"column\">\n\t\t\t<div class=\"elementor-column-wrap elementor-element-populated\">\n\t\t\t\t\t\t\t<div class=\"elementor-widget-wrap\">\n\t\t\t\t\t\t<div class=\"elementor-element elementor-element-c297641 elementor-arrows-position-inside elementor-widget elementor-widget-image-carousel\" data-id=\"c297641\" data-element_type=\"widget\" data-settings=\"{&quot;slides_to_show&quot;:&quot;2&quot;,&quot;navigation&quot;:&quot;arrows&quot;,&quot;autoplay&quot;:&quot;yes&quot;,&quot;pause_on_hover&quot;:&quot;yes&quot;,&quot;pause_on_interaction&quot;:&quot;yes&quot;,&quot;autoplay_speed&quot;:5000,&quot;infinite&quot;:&quot;yes&quot;,&quot;speed&quot;:500}\" data-widget_type=\"image-carousel.default\">\n\t\t\t\t<div class=\"elementor-widget-container\">\n\t\t\t\t\t<div class=\"elementor-image-carousel-wrapper swiper-container\" dir=\"ltr\">\n\t\t\t<div class=\"elementor-image-carousel swiper-wrapper swiper-image-stretch\">\n\t\t\t\t\t\t\t\t<div class=\"swiper-slide\"><figure class=\"swiper-slide-inner\"><img class=\"swiper-slide-image\" src=\"https:\/\/portugalheritagetours.com\/wp-content\/uploads\/2020\/08\/IMG_4290-768x512.jpg\" alt=\"IMG_4290\" \/><\/figure><\/div><div class=\"swiper-slide\"><figure class=\"swiper-slide-inner\"><img class=\"swiper-slide-image\" src=\"https:\/\/portugalheritagetours.com\/wp-content\/uploads\/2020\/08\/IMG_6107-768x512.jpg\" alt=\"IMG_6107\" \/><\/figure><\/div><div class=\"swiper-slide\"><figure class=\"swiper-slide-inner\"><img class=\"swiper-slide-image\" src=\"https:\/\/portugalheritagetours.com\/wp-content\/uploads\/2020\/08\/IMG_6096-768x512.jpg\" alt=\"IMG_6096\" \/><\/figure><\/div><div class=\"swiper-slide\"><figure class=\"swiper-slide-inner\"><img class=\"swiper-slide-image\" src=\"https:\/\/portugalheritagetours.com\/wp-content\/uploads\/2021\/09\/arVmb8qg-768x512.jpg\" alt=\"arVmb8qg\" \/><\/figure><\/div>\t\t\t<\/div>\n\t\t\t\t\t\t\t\t\t\t\t\t\t\t\t\t<div class=\"elementor-swiper-button elementor-swiper-button-prev\">\n\t\t\t\t\t\t<i aria-hidden=\"true\" class=\"eicon-chevron-left\"><\/i>\t\t\t\t\t\t<span class=\"elementor-screen-only\">Previous<\/span>\n\t\t\t\t\t<\/div>\n\t\t\t\t\t<div class=\"elementor-swiper-button elementor-swiper-button-next\">\n\t\t\t\t\t\t<i aria-hidden=\"true\" class=\"eicon-chevron-right\"><\/i>\t\t\t\t\t\t<span class=\"elementor-screen-only\">Next<\/span>\n\t\t\t\t\t<\/div>\n\t\t\t\t\t\t\t\t\t<\/div>\n\t\t\t\t<\/div>\n\t\t\t\t<\/div>\n\t\t\t\t\t\t<\/div>\n\t\t\t\t\t<\/div>\n\t\t<\/div>\n\t\t\t\t\t\t\t\t<\/div>\n\t\t\t\t\t<\/div>\n\t\t<\/section>\n\t\t\t\t<section class=\"elementor-section elementor-top-section elementor-element elementor-element-3fe103f elementor-section-boxed elementor-section-height-default elementor-section-height-default\" data-id=\"3fe103f\" data-element_type=\"section\">\n\t\t\t\t\t\t<div class=\"elementor-container elementor-column-gap-default\">\n\t\t\t\t\t\t\t<div class=\"elementor-row\">\n\t\t\t\t\t<div class=\"elementor-column elementor-col-100 elementor-top-column elementor-element elementor-element-705ca6a\" data-id=\"705ca6a\" data-element_type=\"column\">\n\t\t\t<div class=\"elementor-column-wrap\">\n\t\t\t\t\t\t\t<div class=\"elementor-widget-wrap\">\n\t\t\t\t\t\t\t\t<\/div>\n\t\t\t\t\t<\/div>\n\t\t<\/div>\n\t\t\t\t\t\t\t\t<\/div>\n\t\t\t\t\t<\/div>\n\t\t<\/section>\n\t\t\t\t<section class=\"elementor-section elementor-top-section elementor-element elementor-element-faacf16 elementor-section-boxed elementor-section-height-default elementor-section-height-default\" data-id=\"faacf16\" data-element_type=\"section\">\n\t\t\t\t\t\t<div class=\"elementor-container elementor-column-gap-default\">\n\t\t\t\t\t\t\t<div class=\"elementor-row\">\n\t\t\t\t\t<div class=\"elementor-column elementor-col-100 elementor-top-column elementor-element elementor-element-c481844\" data-id=\"c481844\" data-element_type=\"column\">\n\t\t\t<div class=\"elementor-column-wrap elementor-element-populated\">\n\t\t\t\t\t\t\t<div class=\"elementor-widget-wrap\">\n\t\t\t\t\t\t<div class=\"elementor-element elementor-element-99b8d87 elementor-widget elementor-widget-spacer\" data-id=\"99b8d87\" data-element_type=\"widget\" data-widget_type=\"spacer.default\">\n\t\t\t\t<div class=\"elementor-widget-container\">\n\t\t\t\t\t<div class=\"elementor-spacer\">\n\t\t\t<div class=\"elementor-spacer-inner\"><\/div>\n\t\t<\/div>\n\t\t\t\t<\/div>\n\t\t\t\t<\/div>\n\t\t\t\t\t\t<\/div>\n\t\t\t\t\t<\/div>\n\t\t<\/div>\n\t\t\t\t\t\t\t\t<\/div>\n\t\t\t\t\t<\/div>\n\t\t<\/section>\n\t\t\t\t<section class=\"elementor-section elementor-top-section elementor-element elementor-element-905b945 elementor-section-boxed elementor-section-height-default elementor-section-height-default\" data-id=\"905b945\" data-element_type=\"section\">\n\t\t\t\t\t\t<div class=\"elementor-container elementor-column-gap-default\">\n\t\t\t\t\t\t\t<div class=\"elementor-row\">\n\t\t\t\t\t<div class=\"elementor-column elementor-col-66 elementor-top-column elementor-element elementor-element-f5356a3\" data-id=\"f5356a3\" data-element_type=\"column\">\n\t\t\t<div class=\"elementor-column-wrap elementor-element-populated\">\n\t\t\t\t\t\t\t<div class=\"elementor-widget-wrap\">\n\t\t\t\t\t\t<div class=\"elementor-element elementor-element-5defd72 elementor-widget elementor-widget-google_maps\" data-id=\"5defd72\" data-element_type=\"widget\" data-widget_type=\"google_maps.default\">\n\t\t\t\t<div class=\"elementor-widget-container\">\n\t\t\t\t\t<div class=\"elementor-custom-embed\">\n\t\t\t<iframe frameborder=\"0\" scrolling=\"no\" marginheight=\"0\" marginwidth=\"0\"\n\t\t\t\t\tsrc=\"https:\/\/maps.google.com\/maps?q=%C3%A9vora&#038;t=m&#038;z=9&#038;output=embed&#038;iwloc=near\"\n\t\t\t\t\ttitle=\"\u00e9vora\"\n\t\t\t\t\taria-label=\"\u00e9vora\"\n\t\t\t><\/iframe>\n\t\t<\/div>\n\t\t\t\t<\/div>\n\t\t\t\t<\/div>\n\t\t\t\t<div class=\"elementor-element elementor-element-61f71db elementor-widget elementor-widget-spacer\" data-id=\"61f71db\" data-element_type=\"widget\" data-widget_type=\"spacer.default\">\n\t\t\t\t<div class=\"elementor-widget-container\">\n\t\t\t\t\t<div class=\"elementor-spacer\">\n\t\t\t<div class=\"elementor-spacer-inner\"><\/div>\n\t\t<\/div>\n\t\t\t\t<\/div>\n\t\t\t\t<\/div>\n\t\t\t\t<div class=\"elementor-element elementor-element-192761a elementor-widget elementor-widget-heading\" data-id=\"192761a\" data-element_type=\"widget\" id=\"program\" data-widget_type=\"heading.default\">\n\t\t\t\t<div class=\"elementor-widget-container\">\n\t\t\t<h3 class=\"elementor-heading-title elementor-size-default\">Route<\/h3>\t\t<\/div>\n\t\t\t\t<\/div>\n\t\t\t\t<div class=\"elementor-element elementor-element-3fe0477 elementor-widget elementor-widget-spacer\" data-id=\"3fe0477\" data-element_type=\"widget\" data-widget_type=\"spacer.default\">\n\t\t\t\t<div class=\"elementor-widget-container\">\n\t\t\t\t\t<div class=\"elementor-spacer\">\n\t\t\t<div class=\"elementor-spacer-inner\"><\/div>\n\t\t<\/div>\n\t\t\t\t<\/div>\n\t\t\t\t<\/div>\n\t\t\t\t<div class=\"elementor-element elementor-element-df080fa elementor-widget elementor-widget-toggle\" data-id=\"df080fa\" data-element_type=\"widget\" data-widget_type=\"toggle.default\">\n\t\t\t\t<div class=\"elementor-widget-container\">\n\t\t\t\t\t<div class=\"elementor-toggle\" role=\"tablist\">\n\t\t\t\t\t\t\t<div class=\"elementor-toggle-item\">\n\t\t\t\t\t<div id=\"elementor-tab-title-2331\" class=\"elementor-tab-title\" data-tab=\"1\" role=\"tab\" aria-controls=\"elementor-tab-content-2331\" aria-expanded=\"false\">\n\t\t\t\t\t\t\t\t\t\t\t\t<span class=\"elementor-toggle-icon elementor-toggle-icon-left\" aria-hidden=\"true\">\n\t\t\t\t\t\t\t\t\t\t\t\t\t\t\t<span class=\"elementor-toggle-icon-closed\"><i class=\"fas fa-caret-right\"><\/i><\/span>\n\t\t\t\t\t\t\t\t<span class=\"elementor-toggle-icon-opened\"><i class=\"elementor-toggle-icon-opened fas fa-caret-up\"><\/i><\/span>\n\t\t\t\t\t\t\t\t\t\t\t\t\t<\/span>\n\t\t\t\t\t\t\t\t\t\t\t\t<a href=\"\" class=\"elementor-toggle-title\">Day 1 - Art and Gastronomy<\/a>\n\t\t\t\t\t<\/div>\n\n\t\t\t\t\t<div id=\"elementor-tab-content-2331\" class=\"elementor-tab-content elementor-clearfix\" data-tab=\"1\" role=\"tabpanel\" aria-labelledby=\"elementor-tab-title-2331\"><p>Arrival at Quinta do Barrieiro, in the heart of the <strong>\u201cSerra de S\u00e3o Mamede Natural Park\u201d<\/strong>, with a visit to the <strong>Sculpture Park<\/strong> of the sculptress Maria Leal da Costa. In the sculptoress gallery, we willtaste a biological infusion.<\/p><p><strong>Dinner<\/strong><br \/>It is at Quinta do Barrieiro that we start the <strong>\u201cCooking Class With Art\u201d<\/strong>\u00a0 moment with the preparation of the starters and a glass of regional wine in hand: while cooking, and amid much conversation, we discover the gastronomic history of the Alentejo.<\/p><p>Accomodation at\u00a0<strong>\u201cQuinta do Barrieiro\u201d<\/strong>.<\/p><\/div>\n\t\t\t\t<\/div>\n\t\t\t\t\t\t\t<div class=\"elementor-toggle-item\">\n\t\t\t\t\t<div id=\"elementor-tab-title-2332\" class=\"elementor-tab-title\" data-tab=\"2\" role=\"tab\" aria-controls=\"elementor-tab-content-2332\" aria-expanded=\"false\">\n\t\t\t\t\t\t\t\t\t\t\t\t<span class=\"elementor-toggle-icon elementor-toggle-icon-left\" aria-hidden=\"true\">\n\t\t\t\t\t\t\t\t\t\t\t\t\t\t\t<span class=\"elementor-toggle-icon-closed\"><i class=\"fas fa-caret-right\"><\/i><\/span>\n\t\t\t\t\t\t\t\t<span class=\"elementor-toggle-icon-opened\"><i class=\"elementor-toggle-icon-opened fas fa-caret-up\"><\/i><\/span>\n\t\t\t\t\t\t\t\t\t\t\t\t\t<\/span>\n\t\t\t\t\t\t\t\t\t\t\t\t<a href=\"\" class=\"elementor-toggle-title\">Day 2 - \u201cSerra de S\u00e3o Mamede\u201d Products.<\/a>\n\t\t\t\t\t<\/div>\n\n\t\t\t\t\t<div id=\"elementor-tab-content-2332\" class=\"elementor-tab-content elementor-clearfix\" data-tab=\"2\" role=\"tabpanel\" aria-labelledby=\"elementor-tab-title-2332\"><p><strong>Morning<\/strong><br \/>Depending on the season, we can spend our morning with the\u00a0<strong>\u00a0producers from the region<\/strong>, and discover the importance of some of the richest resources of the region such as <strong>Chestnut<\/strong>, <strong>Esmolfe Apple<\/strong> or <strong>Aromatic Herbs<\/strong>; or we we can choose the <strong>Wild Mushrooms<\/strong>, where we&#8217;ll learn to distinguish the edibles from the poisonous ones and how we can transform them into delicacies.<\/p><p>(Optional)<br \/><strong>Horseback riding<\/strong> in the Serra de S. Mamede Natural Park, lasting about 1 hour.<\/p><p>Arrival at <strong>Terrius space<\/strong>, an old<strong> Water Mill<\/strong>, explanation about the original space and then <strong>tasting of Terrius products<\/strong> accompanied by wines from the region.<\/p><p><strong>Lunch<\/strong><br \/>Lunch at the <strong>\u201cVaranda do Alentej<\/strong>o\u201d restaurant with a unique view and one of the best cuisines in the region: bread, paio, Nisa cheese, olives and Marv\u00e3o olive oil, <strong>tomato soup, potato migas (the traditional Marv\u00e3o migas) with meat of pork, sericaia<\/strong> to finish and all accompanied with wines from the region.<\/p><p><strong>Afternoon<\/strong><br \/>Free visit to <strong>Vila de Marv\u00e3o<\/strong>, a medieval village surrounded by a continuous and intact wall, from where it is possible to experience stunning views. We continue with a visit to the <strong>Lagar Museu de Galegos<\/strong> \u2013 a small village very close to Spain \u2013 to get to know all the equipment and how the production of olive oil was carried out. We end with an <strong>olive oil tasting<\/strong>.<\/p><p>Later we can dedicate ourselves to the small town of\u00a0<strong>Castelo de Vide<\/strong>, on a free visit, oneof the jewels of the Alto Alentejo region: we can visit the\u00a0<strong>Igreja Matriz<\/strong>, the\u00a0<strong>Renaissance fountains<\/strong>, the reputed therapeutic waters, the\u00a0<strong>Jewish\u00a0quarter<\/strong> and go up the unavoidable\u00a0<strong>Castle<\/strong>.<\/p><p><strong>Dinner<br \/><\/strong>Free dinner.<\/p><p>Accomodation at\u00a0<strong>\u201cQuinta do Barrieiro\u201d<\/strong>.<\/p><\/div>\n\t\t\t\t<\/div>\n\t\t\t\t\t\t\t<div class=\"elementor-toggle-item\">\n\t\t\t\t\t<div id=\"elementor-tab-title-2333\" class=\"elementor-tab-title\" data-tab=\"3\" role=\"tab\" aria-controls=\"elementor-tab-content-2333\" aria-expanded=\"false\">\n\t\t\t\t\t\t\t\t\t\t\t\t<span class=\"elementor-toggle-icon elementor-toggle-icon-left\" aria-hidden=\"true\">\n\t\t\t\t\t\t\t\t\t\t\t\t\t\t\t<span class=\"elementor-toggle-icon-closed\"><i class=\"fas fa-caret-right\"><\/i><\/span>\n\t\t\t\t\t\t\t\t<span class=\"elementor-toggle-icon-opened\"><i class=\"elementor-toggle-icon-opened fas fa-caret-up\"><\/i><\/span>\n\t\t\t\t\t\t\t\t\t\t\t\t\t<\/span>\n\t\t\t\t\t\t\t\t\t\t\t\t<a href=\"\" class=\"elementor-toggle-title\">Day 3 - Alentejo's Wine<\/a>\n\t\t\t\t\t<\/div>\n\n\t\t\t\t\t<div id=\"elementor-tab-content-2333\" class=\"elementor-tab-content elementor-clearfix\" data-tab=\"3\" role=\"tabpanel\" aria-labelledby=\"elementor-tab-title-2333\"><p><strong>Morning<\/strong><br \/>We continue with a visit to <strong>Quinta da Fonte Souto<\/strong>, an estate and wine brand owned by the <strong>Symington<\/strong> family, in the Portalegre region that stands out for its quality: we visit the cellar and do a wine tasting.<strong>\u00a0<\/strong><\/p><p><strong>Lunch<br \/><\/strong>Lunch in Alter do Ch\u00e3o, at the <strong>\u201cP\u00e1teo Real\u201d<\/strong> restaurant, full of traditional flavours: <strong>typical Alentejo starters, black pork cheeks or spare ribs with asparagus migas<\/strong>, with chard to finish. All accompanied with wines from the region.<\/p><p><strong>Afternoon<\/strong><br \/>Visit to the unavoidable <strong>Coudelaria de Alter<\/strong> (Stud Farm) where\u00a0<strong>Thoroughbred Lusitanian horses\u00a0<\/strong>and <strong>Falconry,<\/strong><b><span class=\"Apple-converted-space\">\u00a0<\/span><\/b>UNESCO Intangible Cultural Heritage of Humanity,<span class=\"Apple-converted-space\">\u00a0<\/span>in the institution founded in 1748 by King Jo\u00e3o V, are waiting for us.<\/p><p>We&#8217;ll head on to\u00a0<strong>\u201cTorre de Palma Wine Hotel\u201d<\/strong>: an hotelwith ahistory dating back to 1338. This place follows \u00a0the mood of the way of life of the distinct &#8220;Basilii&#8221; family (old inhabitants of the neighboring roman ruins of Torre de Palma) and now also one of Alentejo&#8217;s traditions.<\/p><p><strong>Visit to the vineyards and vegetable garden<\/strong>, always in close contact with nature, ending with an incredible <strong>gastronomic experience<\/strong> in the private kitchen of <strong>Torre de Palma<\/strong>. The entire dinner will be <strong>live cooking<\/strong> where you will have the opportunity to participate in the preparation of each dish and learn about some of the Chefs&#8217; techniques and secrets.<\/p><p>Accomodation in\u00a0<strong>\u201c<\/strong><strong>Torre de Palma Wine Hotel\u201d<\/strong>.<\/p><\/div>\n\t\t\t\t<\/div>\n\t\t\t\t\t\t\t<div class=\"elementor-toggle-item\">\n\t\t\t\t\t<div id=\"elementor-tab-title-2334\" class=\"elementor-tab-title\" data-tab=\"4\" role=\"tab\" aria-controls=\"elementor-tab-content-2334\" aria-expanded=\"false\">\n\t\t\t\t\t\t\t\t\t\t\t\t<span class=\"elementor-toggle-icon elementor-toggle-icon-left\" aria-hidden=\"true\">\n\t\t\t\t\t\t\t\t\t\t\t\t\t\t\t<span class=\"elementor-toggle-icon-closed\"><i class=\"fas fa-caret-right\"><\/i><\/span>\n\t\t\t\t\t\t\t\t<span class=\"elementor-toggle-icon-opened\"><i class=\"elementor-toggle-icon-opened fas fa-caret-up\"><\/i><\/span>\n\t\t\t\t\t\t\t\t\t\t\t\t\t<\/span>\n\t\t\t\t\t\t\t\t\t\t\t\t<a href=\"\" class=\"elementor-toggle-title\">Day 4 - Military Territoires<\/a>\n\t\t\t\t\t<\/div>\n\n\t\t\t\t\t<div id=\"elementor-tab-content-2334\" class=\"elementor-tab-content elementor-clearfix\" data-tab=\"4\" role=\"tabpanel\" aria-labelledby=\"elementor-tab-title-2334\"><p><strong>Morning<\/strong><br \/>In <strong>Elvas<\/strong>, a city that saw their fortifications being classified by UNESCO in 2012, we&#8217;ll walk through the Historical Center, passing by the <strong>Cathedral<\/strong>, the <strong>Church <\/strong>of the &#8220;<strong>Antigo Convento das Freiras de S. Domingos<\/strong>&#8220;, \u00a0the <strong>Castle<\/strong> and, of course, we get to know the famous &#8220;<strong>Elvas Plum<\/strong>&#8220;, in the factory \/ museum specially dedicated to it.<\/p><p><strong>Lunch<br \/><\/strong>Heading to\u00a0<strong>S. Vicente<\/strong> to have lunch at the <strong>\u201cPomp\u00edlio\u201d <\/strong>restaurant, where we can find <strong>Hunting meat<\/strong>, <strong>&#8220;Revoltos&#8221; with asparagus<\/strong>, <strong>Hare rice<\/strong>,<strong>&#8220;Migas with spare ribs<\/strong>&#8230; everything that is typical from Alentejo cuisine, you will find it here.<\/p><p><strong>Afternoon<\/strong><br \/>We&#8217;ll go up to <strong>Forte da Gra\u00e7a<\/strong>, one of the best and most genuine examples of European fortification art.<\/p><p>We&#8217;ll continue moving onwards to <strong>\u00c9vora<\/strong>.<\/p><p><strong>Free dinner.<\/strong><\/p><p>Accomodation at\u00a0<strong>\u201cThe Noble House\u201d <\/strong>or<strong> \u201cM<\/strong><strong>&#8216;AR De AR Muralhas\u201d.<\/strong><\/p><\/div>\n\t\t\t\t<\/div>\n\t\t\t\t\t\t\t<div class=\"elementor-toggle-item\">\n\t\t\t\t\t<div id=\"elementor-tab-title-2335\" class=\"elementor-tab-title\" data-tab=\"5\" role=\"tab\" aria-controls=\"elementor-tab-content-2335\" aria-expanded=\"false\">\n\t\t\t\t\t\t\t\t\t\t\t\t<span class=\"elementor-toggle-icon elementor-toggle-icon-left\" aria-hidden=\"true\">\n\t\t\t\t\t\t\t\t\t\t\t\t\t\t\t<span class=\"elementor-toggle-icon-closed\"><i class=\"fas fa-caret-right\"><\/i><\/span>\n\t\t\t\t\t\t\t\t<span class=\"elementor-toggle-icon-opened\"><i class=\"elementor-toggle-icon-opened fas fa-caret-up\"><\/i><\/span>\n\t\t\t\t\t\t\t\t\t\t\t\t\t<\/span>\n\t\t\t\t\t\t\t\t\t\t\t\t<a href=\"\" class=\"elementor-toggle-title\">Day 5 - Flavors of the UNESCO Heritage City<\/a>\n\t\t\t\t\t<\/div>\n\n\t\t\t\t\t<div id=\"elementor-tab-content-2335\" class=\"elementor-tab-content elementor-clearfix\" data-tab=\"5\" role=\"tabpanel\" aria-labelledby=\"elementor-tab-title-2335\"><p><strong>Morning<\/strong><br \/>We&#8217;ll start our cultural incursion with the\u00a0<strong>\u201cLost \u00c9vora\u201d<\/strong> \u2013 a unique way to discover the <strong>historical and artistic heritage of an \u00c9vora that no longer exists<\/strong>, on a <strong>pedestrian route<\/strong> through convents, churches and other destroyed or fragmented spaces, \u201cvictims\u201d of the progress of the end of the 19th century: with <strong>photographs from more than 100 years ago<\/strong>, we discover a disappeared \u00c9vora Heritage of Humanity and 2027 European Capital of Culture\u2026<\/p><p>We&#8217;llfinish with a<strong> tasting of regional<\/strong>\u00a0<strong>wine<\/strong>.<\/p><p><strong>Lunch and early afternoon<\/strong><br \/>Free lunch and early afternoon to explore other flavors and stories of the city.<\/p><p><strong>Late afternoon<\/strong><br \/>At one Alentejo &#8220;<strong>Herdade<\/strong>&#8220;, \u00a0with a good local wine production, we&#8217;ll \u00a0<strong>visit the vineyard<\/strong> with the engineer in charge. Between the vineyards a late <strong>picnic awaits us with snacks and delicacies from Alentejo<\/strong>.<\/p><p>Accomodation at the\u00a0<strong>\u201cThe Noble House\u201d <\/strong>or<strong> \u201cM&#8217;AR De AR Muralhas\u201d.<\/strong><\/p><\/div>\n\t\t\t\t<\/div>\n\t\t\t\t\t\t\t<div class=\"elementor-toggle-item\">\n\t\t\t\t\t<div id=\"elementor-tab-title-2336\" class=\"elementor-tab-title\" data-tab=\"6\" role=\"tab\" aria-controls=\"elementor-tab-content-2336\" aria-expanded=\"false\">\n\t\t\t\t\t\t\t\t\t\t\t\t<span class=\"elementor-toggle-icon elementor-toggle-icon-left\" aria-hidden=\"true\">\n\t\t\t\t\t\t\t\t\t\t\t\t\t\t\t<span class=\"elementor-toggle-icon-closed\"><i class=\"fas fa-caret-right\"><\/i><\/span>\n\t\t\t\t\t\t\t\t<span class=\"elementor-toggle-icon-opened\"><i class=\"elementor-toggle-icon-opened fas fa-caret-up\"><\/i><\/span>\n\t\t\t\t\t\t\t\t\t\t\t\t\t<\/span>\n\t\t\t\t\t\t\t\t\t\t\t\t<a href=\"\" class=\"elementor-toggle-title\">Day 6 - Departure<\/a>\n\t\t\t\t\t<\/div>\n\n\t\t\t\t\t<div id=\"elementor-tab-content-2336\" class=\"elementor-tab-content elementor-clearfix\" data-tab=\"6\" role=\"tabpanel\" aria-labelledby=\"elementor-tab-title-2336\"><p><strong>Free day <\/strong>until departure time.<\/p><\/div>\n\t\t\t\t<\/div>\n\t\t\t\t\t\t\t\t<\/div>\n\t\t\t\t<\/div>\n\t\t\t\t<\/div>\n\t\t\t\t<div class=\"elementor-element elementor-element-251f40e elementor-widget elementor-widget-spacer\" data-id=\"251f40e\" data-element_type=\"widget\" data-widget_type=\"spacer.default\">\n\t\t\t\t<div class=\"elementor-widget-container\">\n\t\t\t\t\t<div class=\"elementor-spacer\">\n\t\t\t<div class=\"elementor-spacer-inner\"><\/div>\n\t\t<\/div>\n\t\t\t\t<\/div>\n\t\t\t\t<\/div>\n\t\t\t\t<div class=\"elementor-element elementor-element-fae1f53 elementor-widget elementor-widget-heading\" data-id=\"fae1f53\" data-element_type=\"widget\" data-widget_type=\"heading.default\">\n\t\t\t\t<div class=\"elementor-widget-container\">\n\t\t\t<h3 class=\"elementor-heading-title elementor-size-default\">Conditions<\/h3>\t\t<\/div>\n\t\t\t\t<\/div>\n\t\t\t\t<div class=\"elementor-element elementor-element-b4cc5c1 elementor-widget elementor-widget-spacer\" data-id=\"b4cc5c1\" data-element_type=\"widget\" data-widget_type=\"spacer.default\">\n\t\t\t\t<div class=\"elementor-widget-container\">\n\t\t\t\t\t<div class=\"elementor-spacer\">\n\t\t\t<div class=\"elementor-spacer-inner\"><\/div>\n\t\t<\/div>\n\t\t\t\t<\/div>\n\t\t\t\t<\/div>\n\t\t\t\t<div class=\"elementor-element elementor-element-1678cbf elementor-widget elementor-widget-text-editor\" data-id=\"1678cbf\" data-element_type=\"widget\" data-widget_type=\"text-editor.default\">\n\t\t\t\t<div class=\"elementor-widget-container\">\n\t\t\t\t\t\t\t\t<div class=\"elementor-text-editor elementor-clearfix\">\n\t\t\t\t<ul><li>Program held with a minimum of 4 people;<\/li><li>Possibility of transfer to and from other locations, according to budget to be presented;<\/li><li>Prices shown per participant for double room; for single room, an extra supplement will be applied;<\/li><li>Daily activities can suffer changes of order. PHT will warn about it as soon as possible.<\/li><li>The reservation will only be valid with the payment of the total or 30% of the value of the program.<\/li><li>Reservations until 60 days before.<\/li><\/ul>\t\t\t\t\t<\/div>\n\t\t\t\t\t\t<\/div>\n\t\t\t\t<\/div>\n\t\t\t\t<div class=\"elementor-element elementor-element-ad9f4b1 elementor-widget elementor-widget-spacer\" data-id=\"ad9f4b1\" data-element_type=\"widget\" data-widget_type=\"spacer.default\">\n\t\t\t\t<div class=\"elementor-widget-container\">\n\t\t\t\t\t<div class=\"elementor-spacer\">\n\t\t\t<div class=\"elementor-spacer-inner\"><\/div>\n\t\t<\/div>\n\t\t\t\t<\/div>\n\t\t\t\t<\/div>\n\t\t\t\t<section class=\"elementor-section elementor-inner-section elementor-element elementor-element-ecb4566 elementor-section-boxed elementor-section-height-default elementor-section-height-default\" data-id=\"ecb4566\" data-element_type=\"section\" data-settings=\"{&quot;background_background&quot;:&quot;classic&quot;}\">\n\t\t\t\t\t\t<div class=\"elementor-container elementor-column-gap-default\">\n\t\t\t\t\t\t\t<div class=\"elementor-row\">\n\t\t\t\t\t<div class=\"elementor-column elementor-col-50 elementor-inner-column elementor-element elementor-element-f17a749\" data-id=\"f17a749\" data-element_type=\"column\">\n\t\t\t<div class=\"elementor-column-wrap elementor-element-populated\">\n\t\t\t\t\t\t\t<div class=\"elementor-widget-wrap\">\n\t\t\t\t\t\t<div class=\"elementor-element elementor-element-0c07274 elementor-widget elementor-widget-text-editor\" data-id=\"0c07274\" data-element_type=\"widget\" data-widget_type=\"text-editor.default\">\n\t\t\t\t<div class=\"elementor-widget-container\">\n\t\t\t\t\t\t\t\t<div class=\"elementor-text-editor elementor-clearfix\">\n\t\t\t\t<h5><span class=\"TextRun MacChromeBold SCXW30272604 BCX0\" lang=\"EN-US\" xml:lang=\"EN-US\" data-contrast=\"none\"><span class=\"NormalTextRun SCXW30272604 BCX0\">\u00a0 \u00a0 \u00a0 \u00a0<\/span><\/span>Includes<\/h5><ul><li>Tour with sculptoress on day 1;<\/li><li>\u00a0\u201cCooking Class with Art\u201d and dinner on day 1;<\/li><li>Morning with the producers or Wild Mushrooms on day 2;<\/li><li>Visit to Marv\u00e3o on day 2;<\/li><li>Olive oil museum and olive oil tasting session on day 2;<\/li><li>Regional products tasting in the TerriuS space on day 2;<\/li><li>Visit and wine tasting at \u201cQuinta da Fonte Souto\u201d on day 3;<\/li><li>Visit to the \u201cCoudelaria de Alter\u201d on day 3;<\/li><li>\u00a0Elvas including the Cathedral, the Church of &#8220;Antigo Convento das Freiras de S. Domingos&#8221; , the Castle, the Plum Factory D&#8217;Elvas DOP and the Forte da Gra\u00e7a on day 4;<\/li><li>Lunch at the \u201cPomp\u00edlio\u201d restaurant on the day 4;<\/li><li>\u201cLost \u00c9vora Tour&#8221; on day 5:<\/li><li>Visit to an &#8220;Herdade&#8221;, wine tasting and picnic on day 5;<\/li><li>Heritage Interpreter accompaniment;\u00a0<\/li><li>Transport for the purposes of the itinerary;\u00a0<\/li><li>Accommodation 5 nights in a double room (breakfast included);<\/li><li>Personal accidents insurance;<\/li><li>VAT.<\/li><\/ul>\t\t\t\t\t<\/div>\n\t\t\t\t\t\t<\/div>\n\t\t\t\t<\/div>\n\t\t\t\t\t\t<\/div>\n\t\t\t\t\t<\/div>\n\t\t<\/div>\n\t\t\t\t<div class=\"elementor-column elementor-col-50 elementor-inner-column elementor-element elementor-element-c9c9e7c\" data-id=\"c9c9e7c\" data-element_type=\"column\">\n\t\t\t<div class=\"elementor-column-wrap elementor-element-populated\">\n\t\t\t\t\t\t\t<div class=\"elementor-widget-wrap\">\n\t\t\t\t\t\t<div class=\"elementor-element elementor-element-09b9497 elementor-widget elementor-widget-text-editor\" data-id=\"09b9497\" data-element_type=\"widget\" data-widget_type=\"text-editor.default\">\n\t\t\t\t<div class=\"elementor-widget-container\">\n\t\t\t\t\t\t\t\t<div class=\"elementor-text-editor elementor-clearfix\">\n\t\t\t\t<h5><span class=\"TextRun MacChromeBold SCXW30272604 BCX0\" lang=\"EN-US\" xml:lang=\"EN-US\" data-contrast=\"none\"><span class=\"NormalTextRun SCXW30272604 BCX0\">\u00a0 \u00a0 \u00a0 \u00a0<\/span><\/span>Not include<\/h5><ul><li>Horseback Riding on day 2;<\/li><li>Flights or other transport means to arrive to Portugal;\u00a0<\/li><li>Meals not mentioned in the program;<\/li><li>Personal expenses;\u00a0<\/li><li>Travel insurance.<\/li><\/ul>\t\t\t\t\t<\/div>\n\t\t\t\t\t\t<\/div>\n\t\t\t\t<\/div>\n\t\t\t\t\t\t<\/div>\n\t\t\t\t\t<\/div>\n\t\t<\/div>\n\t\t\t\t\t\t\t\t<\/div>\n\t\t\t\t\t<\/div>\n\t\t<\/section>\n\t\t\t\t<div class=\"elementor-element elementor-element-b8a5116 elementor-widget elementor-widget-spacer\" data-id=\"b8a5116\" data-element_type=\"widget\" data-widget_type=\"spacer.default\">\n\t\t\t\t<div class=\"elementor-widget-container\">\n\t\t\t\t\t<div class=\"elementor-spacer\">\n\t\t\t<div class=\"elementor-spacer-inner\"><\/div>\n\t\t<\/div>\n\t\t\t\t<\/div>\n\t\t\t\t<\/div>\n\t\t\t\t\t\t<\/div>\n\t\t\t\t\t<\/div>\n\t\t<\/div>\n\t\t\t\t<div class=\"elementor-column elementor-col-33 elementor-top-column elementor-element elementor-element-4c1ca74\" data-id=\"4c1ca74\" data-element_type=\"column\" data-settings=\"{&quot;background_background&quot;:&quot;classic&quot;}\">\n\t\t\t<div class=\"elementor-column-wrap elementor-element-populated\">\n\t\t\t\t\t\t\t<div class=\"elementor-widget-wrap\">\n\t\t\t\t\t\t<div class=\"elementor-element elementor-element-b02626a elementor-position-top elementor-vertical-align-top elementor-widget elementor-widget-image-box\" data-id=\"b02626a\" data-element_type=\"widget\" data-widget_type=\"image-box.default\">\n\t\t\t\t<div class=\"elementor-widget-container\">\n\t\t\t<div class=\"elementor-image-box-wrapper\"><figure class=\"elementor-image-box-img\"><img width=\"1280\" height=\"960\" src=\"https:\/\/portugalheritagetours.com\/wp-content\/uploads\/2020\/09\/IMG_1526.jpg\" class=\"attachment-full size-full\" alt=\"\" loading=\"lazy\" \/><\/figure><div class=\"elementor-image-box-content\"><h3 class=\"elementor-image-box-title\">Rita Martins and Filipe Fernandes<\/h3><p class=\"elementor-image-box-description\">Rita is a Zootechnical Engineer with a Master's Degree in Food Safety and Innovation and currently a PhD student in Agrichian - Food Innovation. She specializes in the development of food products, products of the territory, its history and gastronomy.\nFilipe is an Agricultural Engineer, Master of Science, eMBA and, currently, PhD in Climate Change and Sustainable Development Policies. He specializes in communication and marketing, gastronomic tourism and product enhancement.\nTogether they created TerriuS, to sustainably produce excellent wild products, fruits and vegetables from Serra de S. Mamede, in Alto Alentejo.\n<\/p><\/div><\/div>\t\t<\/div>\n\t\t\t\t<\/div>\n\t\t\t\t<div class=\"elementor-element elementor-element-39fcb16 elementor-widget elementor-widget-spacer\" data-id=\"39fcb16\" data-element_type=\"widget\" data-widget_type=\"spacer.default\">\n\t\t\t\t<div class=\"elementor-widget-container\">\n\t\t\t\t\t<div class=\"elementor-spacer\">\n\t\t\t<div class=\"elementor-spacer-inner\"><\/div>\n\t\t<\/div>\n\t\t\t\t<\/div>\n\t\t\t\t<\/div>\n\t\t\t\t<div class=\"elementor-element elementor-element-9e4a64a elementor-widget elementor-widget-heading\" data-id=\"9e4a64a\" data-element_type=\"widget\" data-widget_type=\"heading.default\">\n\t\t\t\t<div class=\"elementor-widget-container\">\n\t\t\t<h3 class=\"elementor-heading-title elementor-size-default\">Summary\n\n<\/h3>\t\t<\/div>\n\t\t\t\t<\/div>\n\t\t\t\t<div class=\"elementor-element elementor-element-c49a736 elementor-widget elementor-widget-spacer\" data-id=\"c49a736\" data-element_type=\"widget\" data-widget_type=\"spacer.default\">\n\t\t\t\t<div class=\"elementor-widget-container\">\n\t\t\t\t\t<div class=\"elementor-spacer\">\n\t\t\t<div class=\"elementor-spacer-inner\"><\/div>\n\t\t<\/div>\n\t\t\t\t<\/div>\n\t\t\t\t<\/div>\n\t\t\t\t<div class=\"elementor-element elementor-element-d127e12 elementor-widget elementor-widget-text-editor\" data-id=\"d127e12\" data-element_type=\"widget\" data-widget_type=\"text-editor.default\">\n\t\t\t\t<div class=\"elementor-widget-container\">\n\t\t\t\t\t\t\t\t<div class=\"elementor-text-editor elementor-clearfix\">\n\t\t\t\t<h5><strong>Territories:<\/strong><\/h5><p>Marv\u00e3o, Galegos, Castelo de Vide, Portalegre, Alter do Ch\u00e3o, Elvas, \u00c9vora.<\/p>\t\t\t\t\t<\/div>\n\t\t\t\t\t\t<\/div>\n\t\t\t\t<\/div>\n\t\t\t\t<div class=\"elementor-element elementor-element-40e307a elementor-widget elementor-widget-spacer\" data-id=\"40e307a\" data-element_type=\"widget\" data-widget_type=\"spacer.default\">\n\t\t\t\t<div class=\"elementor-widget-container\">\n\t\t\t\t\t<div class=\"elementor-spacer\">\n\t\t\t<div class=\"elementor-spacer-inner\"><\/div>\n\t\t<\/div>\n\t\t\t\t<\/div>\n\t\t\t\t<\/div>\n\t\t\t\t<div class=\"elementor-element elementor-element-b14406d elementor-widget elementor-widget-text-editor\" data-id=\"b14406d\" data-element_type=\"widget\" data-widget_type=\"text-editor.default\">\n\t\t\t\t<div class=\"elementor-widget-container\">\n\t\t\t\t\t\t\t\t<div class=\"elementor-text-editor elementor-clearfix\">\n\t\t\t\t<h5><strong>Activities:<\/strong><\/h5><p>Gastronomy, Hiking, Sculpture, Horses, Landscapes, Cuisine, Heritage, Falconry.<\/p>\t\t\t\t\t<\/div>\n\t\t\t\t\t\t<\/div>\n\t\t\t\t<\/div>\n\t\t\t\t<div class=\"elementor-element elementor-element-9279c2e elementor-widget elementor-widget-spacer\" data-id=\"9279c2e\" data-element_type=\"widget\" data-widget_type=\"spacer.default\">\n\t\t\t\t<div class=\"elementor-widget-container\">\n\t\t\t\t\t<div class=\"elementor-spacer\">\n\t\t\t<div class=\"elementor-spacer-inner\"><\/div>\n\t\t<\/div>\n\t\t\t\t<\/div>\n\t\t\t\t<\/div>\n\t\t\t\t<div class=\"elementor-element elementor-element-473f781 elementor-widget elementor-widget-text-editor\" data-id=\"473f781\" data-element_type=\"widget\" data-widget_type=\"text-editor.default\">\n\t\t\t\t<div class=\"elementor-widget-container\">\n\t\t\t\t\t\t\t\t<div class=\"elementor-text-editor elementor-clearfix\">\n\t\t\t\t<h5><strong>Accommodation<\/strong><\/h5><p>Quinta do Barrieiro; Torre de Palma Wine Hotel; M\u2019AR De AR Muralhas; The Noble House;.<\/p>\t\t\t\t\t<\/div>\n\t\t\t\t\t\t<\/div>\n\t\t\t\t<\/div>\n\t\t\t\t<div class=\"elementor-element elementor-element-7aa7d60 elementor-widget elementor-widget-spacer\" data-id=\"7aa7d60\" data-element_type=\"widget\" data-widget_type=\"spacer.default\">\n\t\t\t\t<div class=\"elementor-widget-container\">\n\t\t\t\t\t<div class=\"elementor-spacer\">\n\t\t\t<div class=\"elementor-spacer-inner\"><\/div>\n\t\t<\/div>\n\t\t\t\t<\/div>\n\t\t\t\t<\/div>\n\t\t\t\t<div class=\"elementor-element elementor-element-5c59de1 elementor-widget elementor-widget-text-editor\" data-id=\"5c59de1\" data-element_type=\"widget\" data-widget_type=\"text-editor.default\">\n\t\t\t\t<div class=\"elementor-widget-container\">\n\t\t\t\t\t\t\t\t<div class=\"elementor-text-editor elementor-clearfix\">\n\t\t\t\t<h5><strong>Capacity and reservations<\/strong><\/h5><p>Min 4 \/ Reservation up to 60 days in advance<\/p>\t\t\t\t\t<\/div>\n\t\t\t\t\t\t<\/div>\n\t\t\t\t<\/div>\n\t\t\t\t<div class=\"elementor-element elementor-element-e7d978a elementor-widget elementor-widget-spacer\" data-id=\"e7d978a\" data-element_type=\"widget\" data-widget_type=\"spacer.default\">\n\t\t\t\t<div class=\"elementor-widget-container\">\n\t\t\t\t\t<div class=\"elementor-spacer\">\n\t\t\t<div class=\"elementor-spacer-inner\"><\/div>\n\t\t<\/div>\n\t\t\t\t<\/div>\n\t\t\t\t<\/div>\n\t\t\t\t\t\t<\/div>\n\t\t\t\t\t<\/div>\n\t\t<\/div>\n\t\t\t\t\t\t\t\t<\/div>\n\t\t\t\t\t<\/div>\n\t\t<\/section>\n\t\t\t\t\t\t\t\t\t<\/div>\n\t\t\t<\/div>\n\t\t\t\t\t<\/div>\n\t\t","protected":false},"excerpt":{"rendered":"<p>THEMATIC TOUR | UPPER ALENTEJO | 6 DAYS Alentejo Table 2023 | 24 to 29th April | 18 to 23th September In this Gastronomic Program, we are invaded by the unique flavors and aromas of the Alentejo&#8230; We will walk among the products of the land, the cuisines, the stories and the people, to find &hellip;<\/p>\n<p class=\"read-more\"> <a class=\"\" href=\"https:\/\/portugalheritagetours.com\/en\/thematic-trip-upper-alentejo-6-days\/\"> <span class=\"screen-reader-text\">Thematic Tour Alentejo Table<\/span> Read More \u00bb<\/a><\/p>\n","protected":false},"author":1,"featured_media":0,"parent":0,"menu_order":0,"comment_status":"closed","ping_status":"closed","template":"","meta":{"site-sidebar-layout":"no-sidebar","site-content-layout":"page-builder","ast-main-header-display":"","ast-hfb-above-header-display":"","ast-hfb-below-header-display":"","ast-hfb-mobile-header-display":"","site-post-title":"disabled","ast-breadcrumbs-content":"","ast-featured-img":"disabled","footer-sml-layout":"","theme-transparent-header-meta":"enabled","adv-header-id-meta":"","stick-header-meta":"default","header-above-stick-meta":"","header-main-stick-meta":"","header-below-stick-meta":""},"yoast_head":"<!-- This site is optimized with the Yoast SEO plugin v18.3 - https:\/\/yoast.com\/wordpress\/plugins\/seo\/ -->\n<title>Thematic Tour Alentejo Table - Portugal Heritage Tours<\/title>\n<meta name=\"robots\" content=\"index, follow, max-snippet:-1, max-image-preview:large, max-video-preview:-1\" \/>\n<link rel=\"canonical\" href=\"https:\/\/portugalheritagetours.com\/viagem-tematica-mesa-alentejana\/\" \/>\n<meta property=\"og:locale\" content=\"en_US\" \/>\n<meta property=\"og:type\" content=\"article\" \/>\n<meta property=\"og:title\" content=\"Thematic Tour Alentejo Table - Portugal Heritage Tours\" \/>\n<meta property=\"og:description\" content=\"THEMATIC TOUR | UPPER ALENTEJO | 6 DAYS Alentejo Table 2023 | 24 to 29th April | 18 to 23th September In this Gastronomic Program, we are invaded by the unique flavors and aromas of the Alentejo&#8230; We will walk among the products of the land, the cuisines, the stories and the people, to find &hellip; Thematic Tour Alentejo Table Read More \u00bb\" \/>\n<meta property=\"og:url\" content=\"https:\/\/portugalheritagetours.com\/viagem-tematica-mesa-alentejana\/\" \/>\n<meta property=\"og:site_name\" content=\"Portugal Heritage Tours\" \/>\n<meta property=\"article:modified_time\" content=\"2023-02-27T11:31:16+00:00\" \/>\n<meta property=\"og:image\" content=\"https:\/\/portugalheritagetours.com\/wp-content\/uploads\/2020\/08\/IMG_4290-768x512.jpg\" \/>\n<meta name=\"twitter:card\" content=\"summary_large_image\" \/>\n<meta name=\"twitter:label1\" content=\"Est. reading time\" \/>\n\t<meta name=\"twitter:data1\" content=\"9 minutes\" \/>\n<script type=\"application\/ld+json\" class=\"yoast-schema-graph\">{\"@context\":\"https:\/\/schema.org\",\"@graph\":[{\"@type\":\"WebSite\",\"@id\":\"https:\/\/portugalheritagetours.com\/#website\",\"url\":\"https:\/\/portugalheritagetours.com\/\",\"name\":\"Portugal Heritage Tours\",\"description\":\"Portugal Heritage Tours\",\"potentialAction\":[{\"@type\":\"SearchAction\",\"target\":{\"@type\":\"EntryPoint\",\"urlTemplate\":\"https:\/\/portugalheritagetours.com\/?s={search_term_string}\"},\"query-input\":\"required name=search_term_string\"}],\"inLanguage\":\"en-US\"},{\"@type\":\"ImageObject\",\"@id\":\"https:\/\/portugalheritagetours.com\/viagem-tematica-mesa-alentejana\/#primaryimage\",\"inLanguage\":\"en-US\",\"url\":\"https:\/\/portugalheritagetours.com\/wp-content\/uploads\/2020\/08\/IMG_4290-768x512.jpg\",\"contentUrl\":\"https:\/\/portugalheritagetours.com\/wp-content\/uploads\/2020\/08\/IMG_4290-768x512.jpg\"},{\"@type\":\"WebPage\",\"@id\":\"https:\/\/portugalheritagetours.com\/viagem-tematica-mesa-alentejana\/#webpage\",\"url\":\"https:\/\/portugalheritagetours.com\/viagem-tematica-mesa-alentejana\/\",\"name\":\"Thematic Tour Alentejo Table - Portugal Heritage Tours\",\"isPartOf\":{\"@id\":\"https:\/\/portugalheritagetours.com\/#website\"},\"primaryImageOfPage\":{\"@id\":\"https:\/\/portugalheritagetours.com\/viagem-tematica-mesa-alentejana\/#primaryimage\"},\"datePublished\":\"2020-08-12T12:25:47+00:00\",\"dateModified\":\"2023-02-27T11:31:16+00:00\",\"breadcrumb\":{\"@id\":\"https:\/\/portugalheritagetours.com\/viagem-tematica-mesa-alentejana\/#breadcrumb\"},\"inLanguage\":\"en-US\",\"potentialAction\":[{\"@type\":\"ReadAction\",\"target\":[\"https:\/\/portugalheritagetours.com\/viagem-tematica-mesa-alentejana\/\"]}]},{\"@type\":\"BreadcrumbList\",\"@id\":\"https:\/\/portugalheritagetours.com\/viagem-tematica-mesa-alentejana\/#breadcrumb\",\"itemListElement\":[{\"@type\":\"ListItem\",\"position\":1,\"name\":\"In\u00edcio\",\"item\":\"https:\/\/portugalheritagetours.com\/\"},{\"@type\":\"ListItem\",\"position\":2,\"name\":\"Thematic Tour Alentejo Table\"}]}]}<\/script>\n<!-- \/ Yoast SEO plugin. -->","yoast_head_json":{"title":"Thematic Tour Alentejo Table - Portugal Heritage Tours","robots":{"index":"index","follow":"follow","max-snippet":"max-snippet:-1","max-image-preview":"max-image-preview:large","max-video-preview":"max-video-preview:-1"},"canonical":"https:\/\/portugalheritagetours.com\/viagem-tematica-mesa-alentejana\/","og_locale":"en_US","og_type":"article","og_title":"Thematic Tour Alentejo Table - Portugal Heritage Tours","og_description":"THEMATIC TOUR | UPPER ALENTEJO | 6 DAYS Alentejo Table 2023 | 24 to 29th April | 18 to 23th September In this Gastronomic Program, we are invaded by the unique flavors and aromas of the Alentejo&#8230; We will walk among the products of the land, the cuisines, the stories and the people, to find &hellip; Thematic Tour Alentejo Table Read More \u00bb","og_url":"https:\/\/portugalheritagetours.com\/viagem-tematica-mesa-alentejana\/","og_site_name":"Portugal Heritage Tours","article_modified_time":"2023-02-27T11:31:16+00:00","og_image":[{"url":"https:\/\/portugalheritagetours.com\/wp-content\/uploads\/2020\/08\/IMG_4290-768x512.jpg"}],"twitter_card":"summary_large_image","twitter_misc":{"Est. reading time":"9 minutes"},"schema":{"@context":"https:\/\/schema.org","@graph":[{"@type":"WebSite","@id":"https:\/\/portugalheritagetours.com\/#website","url":"https:\/\/portugalheritagetours.com\/","name":"Portugal Heritage Tours","description":"Portugal Heritage Tours","potentialAction":[{"@type":"SearchAction","target":{"@type":"EntryPoint","urlTemplate":"https:\/\/portugalheritagetours.com\/?s={search_term_string}"},"query-input":"required name=search_term_string"}],"inLanguage":"en-US"},{"@type":"ImageObject","@id":"https:\/\/portugalheritagetours.com\/viagem-tematica-mesa-alentejana\/#primaryimage","inLanguage":"en-US","url":"https:\/\/portugalheritagetours.com\/wp-content\/uploads\/2020\/08\/IMG_4290-768x512.jpg","contentUrl":"https:\/\/portugalheritagetours.com\/wp-content\/uploads\/2020\/08\/IMG_4290-768x512.jpg"},{"@type":"WebPage","@id":"https:\/\/portugalheritagetours.com\/viagem-tematica-mesa-alentejana\/#webpage","url":"https:\/\/portugalheritagetours.com\/viagem-tematica-mesa-alentejana\/","name":"Thematic Tour Alentejo Table - Portugal Heritage Tours","isPartOf":{"@id":"https:\/\/portugalheritagetours.com\/#website"},"primaryImageOfPage":{"@id":"https:\/\/portugalheritagetours.com\/viagem-tematica-mesa-alentejana\/#primaryimage"},"datePublished":"2020-08-12T12:25:47+00:00","dateModified":"2023-02-27T11:31:16+00:00","breadcrumb":{"@id":"https:\/\/portugalheritagetours.com\/viagem-tematica-mesa-alentejana\/#breadcrumb"},"inLanguage":"en-US","potentialAction":[{"@type":"ReadAction","target":["https:\/\/portugalheritagetours.com\/viagem-tematica-mesa-alentejana\/"]}]},{"@type":"BreadcrumbList","@id":"https:\/\/portugalheritagetours.com\/viagem-tematica-mesa-alentejana\/#breadcrumb","itemListElement":[{"@type":"ListItem","position":1,"name":"In\u00edcio","item":"https:\/\/portugalheritagetours.com\/"},{"@type":"ListItem","position":2,"name":"Thematic Tour Alentejo Table"}]}]}},"_links":{"self":[{"href":"https:\/\/portugalheritagetours.com\/en\/wp-json\/wp\/v2\/pages\/2458"}],"collection":[{"href":"https:\/\/portugalheritagetours.com\/en\/wp-json\/wp\/v2\/pages"}],"about":[{"href":"https:\/\/portugalheritagetours.com\/en\/wp-json\/wp\/v2\/types\/page"}],"author":[{"embeddable":true,"href":"https:\/\/portugalheritagetours.com\/en\/wp-json\/wp\/v2\/users\/1"}],"replies":[{"embeddable":true,"href":"https:\/\/portugalheritagetours.com\/en\/wp-json\/wp\/v2\/comments?post=2458"}],"version-history":[{"count":208,"href":"https:\/\/portugalheritagetours.com\/en\/wp-json\/wp\/v2\/pages\/2458\/revisions"}],"predecessor-version":[{"id":12555,"href":"https:\/\/portugalheritagetours.com\/en\/wp-json\/wp\/v2\/pages\/2458\/revisions\/12555"}],"wp:attachment":[{"href":"https:\/\/portugalheritagetours.com\/en\/wp-json\/wp\/v2\/media?parent=2458"}],"curies":[{"name":"wp","href":"https:\/\/api.w.org\/{rel}","templated":true}]}}